{"id":49,"date":"2019-08-20T22:25:48","date_gmt":"2019-08-20T20:25:48","guid":{"rendered":"http:\/\/zopgorzow.pl\/?page_id=49"},"modified":"2019-08-21T21:32:56","modified_gmt":"2019-08-21T19:32:56","slug":"zamowienia","status":"publish","type":"page","link":"http:\/\/zopgorzow.pl\/?page_id=49","title":{"rendered":"Zam\u00f3wienia"},"content":{"rendered":"<ol>\n<li>Przedmiotem zam\u00f3wienia jest wykonanie prac remontowo - adaptacyjnych wraz z zakupem niezb\u0119dnych materia\u0142\u00f3w remontowych potrzebnych do przeprowadzenia prac zgodnych ze szczeg\u00f3\u0142owym opisem zam\u00f3wienia. Prace remontowo adaptacyjne dotycz\u0105 pomieszcze\u0144 Dziennego Domu Pobytu, w kt\u00f3rych 25 os\u00f3b niesamodzielnych otrzyma wsparcie us\u0142ugami opieku\u0144czymi oraz Centrum Us\u0142ug \u015arodowiskowych gdzie wsparcie otrzymaj\u0105 opiekunowie w opiece nad osobami niesamodzielnymi i osoby z niepe\u0142nosprawno\u015bciami z terenu powiatu gorzowskiego.<br \/>\n<a href=\"https:\/\/bazakonkurencyjnosci.funduszeeuropejskie.gov.pl\/publication\/view\/1182970\">https:\/\/bazakonkurencyjnosci.funduszeeuropejskie.gov.pl\/publication\/view\/<u>118297<\/u><\/a><\/li>\n<li>Zapytanie ofertowe dotyczy realizacji us\u0142ug spo\u0142ecznych\/opieku\u0144czych polegaj\u0105cych na prowadzeniu Dom\u00f3w Dziennego Pobytu w Gorzowie Wielkopolskim w ramach projektu \u201eStandaryzacja us\u0142ug opieku\u0144czych i asystenckich z utworzeniem Centrum Us\u0142ug \u015arodowiskowych na terenie powiatu gorzowskiego\u201d O\u015b Priorytetowa 7. R\u00f3wnowaga Spo\u0142eczna 7.5. Us\u0142ugi Spo\u0142eczne, wsp\u00f3\u0142finansowany przez Uni\u0119 Europejsk\u0105 w ramach Europejskiego Funduszu Spo\u0142ecznego \u2013 Regionalnego Programu Operacyjnego \u2013 Lubuskie 2020.<br \/>\n<a href=\"https:\/\/bazakonkurencyjnosci.funduszeeuropejskie.gov.pl\/publication\/view\/1190302\">https:\/\/bazakonkurencyjnosci.funduszeeuropejskie.gov.pl\/publication\/view\/1190302<\/a><\/li>\n<li>Przedmiotem zapytania jest wy\u0142onienie us\u0142ugodawcy \u015bwiadcz\u0105cego us\u0142ugi cateringowe dla 50 uczestnik\u00f3w 2 Dom\u00f3w Dziennego Pobytu w Gorzowie Wielkopolskim w obiekcie przy ul. Herberta 3 i w Gminie Deszczno ul. \u015awietlana 75 w ramach projektu \u201eStandaryzacja us\u0142ug opieku\u0144czych i asystenckich z utworzeniem Centrum Us\u0142ug \u015arodowiskowych\u201d, O\u015b Priorytetowa 7. R\u00f3wnowaga Spo\u0142eczna 7.5. Us\u0142ugi Spo\u0142eczne, wsp\u00f3\u0142finansowany przez Uni\u0119 Europejsk\u0105 w ramach Europejskiego Funduszu Spo\u0142ecznego \u2013 Regionalnego Programu Operacyjnego \u2013 Lubuskie 2020, wsp\u00f3\u0142finansowanego z Unii Europejskiej, ze \u015brodk\u00f3w Europejskiego Funduszu Spo\u0142ecznego, w ramach Regionalnego Programu Operacyjnego Lubuskie 2020, w postaci dw\u00f3ch posi\u0142k\u00f3w tj. \u015bniadania i dwudaniowego obiadu zgodnie z za\u0142\u0105czonym og\u0142oszeniem o zam\u00f3wieniu.<br \/>\n<a href=\"https:\/\/bazakonkurencyjnosci.funduszeeuropejskie.gov.pl\/publication\/view\/1190285\">https:\/\/bazakonkurencyjnosci.funduszeeuropejskie.gov.pl\/publication\/view\/1190285<\/a><\/li>\n<li>Przedmiotem zam\u00f3wienia jest: \u015bwiadczenie us\u0142ugi prawnej dla grupy ok. 200 os\u00f3b w Centrum Us\u0142ug \u015arodowiskowych w ilo\u015bci 1440 h na rzecz os\u00f3b niesamodzielnych i\/lub z niepe\u0142nosprawno\u015bciami oraz ich opiekun\u00f3w faktycznych w ramach projektu \"Standaryzacja us\u0142ug opieku\u0144czych i asystenckich z utworzeniem Centrum Us\u0142ug \u015arodowiskowych na terenie powiatu gorzowskiego\u201d.<br \/>\n<a href=\"https:\/\/bazakonkurencyjnosci.funduszeeuropejskie.gov.pl\/publication\/view\/1197701\">https:\/\/bazakonkurencyjnosci.funduszeeuropejskie.gov.pl\/publication\/view\/1197701<\/a><\/li>\n<li>Przedmiotem zam\u00f3wienia jest: \u015bwiadczenie us\u0142ugi wsparcia psychologicznego\/terapeutycznego \u015bwiadczonego w:<br \/>\na) Dziennym Domu Pobytu w ilo\u015bci 480h na rzecz os\u00f3b niesamodzielnych i\/lub z niepe\u0142nosprawno\u015bciami;<br \/>\nb) Centrum Us\u0142ug \u015arodowiskowych w ilo\u015bci 480h na rzecz os\u00f3b z niepe\u0142nosprawno\u015bciami oraz ich opiekunami faktycznymi<br \/>\nw ramach projektu \u201eStandaryzacja us\u0142ug opieku\u0144czych i asystenckich z utworzeniem Centrum Us\u0142ug \u015arodowiskowych na terenie powiatu gorzowskiego\u201d.<br \/>\n<a href=\"https:\/\/bazakonkurencyjnosci.gov.pl\/publication\/view\/1197665\">https:\/\/bazakonkurencyjnosci.gov.pl\/publication\/view\/1197665<\/a><\/li>\n<\/ol>\n<p><img loading=\"lazy\" decoding=\"async\" class=\"alignnone  wp-image-61\" src=\"http:\/\/zopgorzow.pl\/wp-content\/uploads\/2019\/08\/tablica-ddp_ver13_2-300x32.jpg\" alt=\"\" width=\"788\" height=\"84\" srcset=\"http:\/\/zopgorzow.pl\/wp-content\/uploads\/2019\/08\/tablica-ddp_ver13_2-300x32.jpg 300w, http:\/\/zopgorzow.pl\/wp-content\/uploads\/2019\/08\/tablica-ddp_ver13_2-768x82.jpg 768w, http:\/\/zopgorzow.pl\/wp-content\/uploads\/2019\/08\/tablica-ddp_ver13_2-1024x110.jpg 1024w, http:\/\/zopgorzow.pl\/wp-content\/uploads\/2019\/08\/tablica-ddp_ver13_2-960x103.jpg 960w, http:\/\/zopgorzow.pl\/wp-content\/uploads\/2019\/08\/tablica-ddp_ver13_2.jpg 1636w\" sizes=\"(max-width: 788px) 100vw, 788px\" \/><\/p>\n","protected":false},"excerpt":{"rendered":"<p>Przedmiotem zam\u00f3wienia jest wykonanie prac remontowo - adaptacyjnych wraz z zakupem niezb\u0119dnych materia\u0142\u00f3w remontowych potrzebnych do przeprowadzenia prac zgodnych ze szczeg\u00f3\u0142owym opisem zam\u00f3wienia. Prace remontowo adaptacyjne dotycz\u0105 pomieszcze\u0144 Dziennego Domu Pobytu, w kt\u00f3rych 25 os\u00f3b niesamodzielnych otrzyma wsparcie us\u0142ugami opieku\u0144czymi oraz Centrum Us\u0142ug \u015arodowiskowych gdzie wsparcie otrzymaj\u0105 opiekunowie w opiece nad osobami niesamodzielnymi i osoby <a href=\"http:\/\/zopgorzow.pl\/?page_id=49\" class=\"more-link\">Czytaj dalej...<span class=\"screen-reader-text\"> \"Zam\u00f3wienia\"<\/span><\/a><\/p>\n","protected":false},"author":1,"featured_media":0,"parent":0,"menu_order":0,"comment_status":"closed","ping_status":"closed","template":"","meta":{"footnotes":""},"_links":{"self":[{"href":"http:\/\/zopgorzow.pl\/index.php?rest_route=\/wp\/v2\/pages\/49"}],"collection":[{"href":"http:\/\/zopgorzow.pl\/index.php?rest_route=\/wp\/v2\/pages"}],"about":[{"href":"http:\/\/zopgorzow.pl\/index.php?rest_route=\/wp\/v2\/types\/page"}],"author":[{"embeddable":true,"href":"http:\/\/zopgorzow.pl\/index.php?rest_route=\/wp\/v2\/users\/1"}],"replies":[{"embeddable":true,"href":"http:\/\/zopgorzow.pl\/index.php?rest_route=%2Fwp%2Fv2%2Fcomments&post=49"}],"version-history":[{"count":4,"href":"http:\/\/zopgorzow.pl\/index.php?rest_route=\/wp\/v2\/pages\/49\/revisions"}],"predecessor-version":[{"id":63,"href":"http:\/\/zopgorzow.pl\/index.php?rest_route=\/wp\/v2\/pages\/49\/revisions\/63"}],"wp:attachment":[{"href":"http:\/\/zopgorzow.pl\/index.php?rest_route=%2Fwp%2Fv2%2Fmedia&parent=49"}],"curies":[{"name":"wp","href":"https:\/\/api.w.org\/{rel}","templated":true}]}}