{"id":24,"date":"2018-08-06T22:20:01","date_gmt":"2018-08-06T20:20:01","guid":{"rendered":"http:\/\/zopgorzow.pl\/?page_id=24"},"modified":"2026-04-23T20:25:11","modified_gmt":"2026-04-23T18:25:11","slug":"nasze-dzialania","status":"publish","type":"page","link":"http:\/\/zopgorzow.pl\/?page_id=24","title":{"rendered":"Nasze dzia\u0142ania"},"content":{"rendered":"<p><strong>1.\u00a0 \u201eWytchnienie i Wsp\u00f3lnota \u2013 wsparcie opiekun\u00f3w os\u00f3b z niepe\u0142nosprawno\u015bciami\u201d<\/strong><\/p>\n<p>Celem g\u0142\u00f3wnym projektu jest wsparcie rodzin oraz opiekun\u00f3w faktycznych os\u00f3b z niepe\u0142nosprawno\u015bciami poprzez zapewnienie im dost\u0119pu do us\u0142ug opieki wytchnieniowej. Dzia\u0142ania projektowe stanowi\u0105 odpowied\u017a na rosn\u0105c\u0105 potrzeb\u0119 czasowego odci\u0105\u017cenia opiekun\u00f3w od codziennych obowi\u0105zk\u00f3w zwi\u0105zanych ze sprawowaniem opieki nad osob\u0105 z niepe\u0142nosprawno\u015bci\u0105. Projekt s\u0142u\u017cy r\u00f3wnie\u017c poprawie kondycji psychofizycznej opiekun\u00f3w, ich dobrostanu emocjonalnego oraz przeciwdzia\u0142aniu zjawisku wypalenia opieku\u0144czego.<\/p>\n<p>Projekt b\u0119dzie realizowany w Gorzowie Wielkopolskim przy ul. Gwia\u017adzistej 24, w bezpiecznej, dost\u0119pnej i przyjaznej przestrzeni, dostosowanej do potrzeb uczestnik\u00f3w. Wsparciem zostanie obj\u0119tych 30 opiekun\u00f3w faktycznych os\u00f3b z niepe\u0142nosprawno\u015bciami. Us\u0142ugi opieki wytchnieniowej b\u0119d\u0105 mog\u0142y by\u0107 \u015bwiadczone zar\u00f3wno w miejscu realizacji projektu, jak i w miejscu zamieszkania osoby z niepe\u0142nosprawno\u015bci\u0105, w zale\u017cno\u015bci od indywidualnych potrzeb uczestnik\u00f3w.<\/p>\n<p>Dzi\u0119ki udzia\u0142owi w projekcie opiekunowie zyskaj\u0105 mo\u017cliwo\u015b\u0107 czasowego odci\u0105\u017cenia, regeneracji si\u0142, za\u0142atwienia spraw osobistych, a tak\u017ce przeznaczenia czasu na w\u0142asny rozw\u00f3j, odpoczynek czy podtrzymywanie relacji spo\u0142ecznych. Projekt przyczyni si\u0119 tym samym do poprawy jako\u015bci \u017cycia opiekun\u00f3w oraz zwi\u0119kszenia ich zdolno\u015bci do dalszego sprawowania opieki.<\/p>\n<p>Projekt pt.\u00a0<strong>\u201eWytchnienie i Wsp\u00f3lnota \u2013 wsparcie opiekun\u00f3w os\u00f3b z niepe\u0142nosprawno\u015bciami\u201d<\/strong>\u00a0<wbr \/>realizowany jest przez\u00a0<strong>Zwi\u0105zek Organizacji Pomocowych<\/strong>\u00a0w okresie od\u00a0<strong>1 kwietnia 2026 r. do 31 sierpnia 2026 r.<\/strong>\u00a0Warto\u015b\u0107 przyznanej dotacji wynosi\u00a0<strong>65 000,00 z\u0142<\/strong>.<\/p>\n<div>Dofinansowanie zosta\u0142o przyznane przez\u00a0<strong>Stowarzyszenie na Rzecz Edukacji \u201ePomost\u201d<\/strong>\u00a0w ramach projektu\u00a0<strong>\u201eSi\u0142a Wsp\u00f3lnoty: Wsparcie lokalnych NGO dla os\u00f3b z niepe\u0142nosprawno\u015bciami i ich otoczenia w wojew\u00f3dztwie lubuskim i zachodniopomorskim poprzez regranting\u201d<\/strong>.<\/div>\n<div>\u00a0<\/div>\n<div><img loading=\"lazy\" decoding=\"async\" class=\"size-medium wp-image-213 aligncenter\" src=\"http:\/\/zopgorzow.pl\/wp-content\/uploads\/2026\/04\/9c114b54109cfe2f4acd1f7522154d0d_1-212x300.png\" alt=\"\" width=\"212\" height=\"300\" srcset=\"http:\/\/zopgorzow.pl\/wp-content\/uploads\/2026\/04\/9c114b54109cfe2f4acd1f7522154d0d_1-212x300.png 212w, http:\/\/zopgorzow.pl\/wp-content\/uploads\/2026\/04\/9c114b54109cfe2f4acd1f7522154d0d_1-724x1024.png 724w, http:\/\/zopgorzow.pl\/wp-content\/uploads\/2026\/04\/9c114b54109cfe2f4acd1f7522154d0d_1-768x1086.png 768w, http:\/\/zopgorzow.pl\/wp-content\/uploads\/2026\/04\/9c114b54109cfe2f4acd1f7522154d0d_1-1086x1536.png 1086w, http:\/\/zopgorzow.pl\/wp-content\/uploads\/2026\/04\/9c114b54109cfe2f4acd1f7522154d0d_1-1448x2048.png 1448w, http:\/\/zopgorzow.pl\/wp-content\/uploads\/2026\/04\/9c114b54109cfe2f4acd1f7522154d0d_1-960x1357.png 960w, http:\/\/zopgorzow.pl\/wp-content\/uploads\/2026\/04\/9c114b54109cfe2f4acd1f7522154d0d_1.png 1754w\" sizes=\"(max-width: 212px) 100vw, 212px\" \/><\/div>\n<div style=\"text-align: center;\">\u00a0<\/div>\n<p><strong><em>2. \u201eRozw\u00f3j Us\u0142ug Spo\u0142ecznych\"<\/em><br \/><\/strong><\/p>\n<div id=\"m_8375699419327333848m_-6582900323587341839gwp4a07d490\">\n<div id=\"m_8375699419327333848m_-6582900323587341839gwp4a07d490h\">\n<div>\n<div>Celem g\u0142\u00f3wnym projektu jest rozw\u00f3j (z zachowaniem zasady deinstytucjonalizacji) us\u0142ug opieku\u0144czych \u015bwiadczonych w spo\u0142eczno\u015bci lokalnej na rzecz 50 (35K i 15M) os. potrzebuj\u0105cych wsparcia w codziennym funkcjonowaniu poprzez wprowadzenie nowych us\u0142ug stacjonarnych formie Dziennego Domu Pomocy dla 20 UP (15K i 5M), w tym \u015bwiadczonych w miejscu zamieszkania dla 30 UP (20K i 10M), kt\u00f3re przyczyni\u0105 si\u0119 do zwi\u0119kszenia liczby miejsc \u015bwiadczenia us\u0142ug z 0 do 20, liczba os. obj\u0119tych us\u0142ugami \u015bwiadcz. w spo\u0142. lokalnej z 0 do 50 oraz liczby os\u00f3b \u015bwiadcz\u0105cych us\u0142ugi z 0 do 2 Projekt w 100% skierowany do mieszka\u0144c\u00f3w wojew\u00f3dztwa Lubuskiego dla os\u00f3b potrzebuj\u0105cych wsparcia w codziennym funkcjonowaniu (warunek 0\/1). Przez osob\u0119 potrzebuj\u0105c\u0105 wsparcia w codziennym funkcjonowaniu rozumie si\u0119 osob\u0119, kt\u00f3ra ze wzgl\u0119du na wiek, stan zdrowia lub niepe\u0142nosprawno\u015b\u0107 wymaga opieki lub wsparcia w zwi\u0105zku z niemo\u017cno\u015bci\u0105.<\/div>\n<\/div>\n<\/div>\n<\/div>\n<p><strong>Zadanie 1:<\/strong> Us\u0142ugi opieku\u0144cze w Dziennych Domach Pobytu dla os\u00f3b potrzebuj\u0105cych wsparcia w codziennym funkcjonowaniu<\/p>\n<p>Utworzenie Dziennego Domu Pomocy dla os\u00f3b potrzebuj\u0105cych wsparcia w codziennym funkcjonowaniu., maj\u0105cym na celu udzielanie pomocy tym osobom w czynno\u015bciach dnia codziennego, umo\u017cliwi obj\u0119cie us\u0142ugami opieku\u0144czymi 20 os. potrzebuj\u0105cych wsparcia w codziennym funkcjonowaniu co jest odpowiedzi\u0105 na potrzeby mieszka\u0144c\u00f3w GW, co zosta\u0142o potwierdzone we w\u0142asnej diagnozie WN. Opr\u00f3cz podtrzymywania kontakt\u00f3w spo\u0142ecznych DDP zapewnia ca\u0142odzienne us\u0142ugi opieku\u0144cze, specjalistyczne us\u0142ugi opieku\u0144cze oraz aktywizacj\u0119 w sferze fizycznej, intelektualnej oraz spo\u0142ecznej. My\u015bl\u0105 przewodni\u0105 dzia\u0142ania DDP jest \u015bwiadczenie us\u0142ug na kt\u00f3rych czele uwzgl\u0119dnia si\u0119 w szczeg\u00f3lno\u015bci wolno\u015b\u0107, intymno\u015b\u0107, godno\u015b\u0107 i poczucie bezpiecze\u0144stwa uczestnik\u00f3w zaj\u0119\u0107 oraz stopie\u0144 ich fizycznej i psychicznej sprawno\u015bci. Szczeg\u00f3\u0142owy opis funkcjonowania DDP w Gorzowie Wlkp. przy ul. Gwia\u017adzistej 24 :<\/p>\n<ol>\n<li>Rekrutacja docelowo 20 UP potrzebuj\u0105cych wsparcia w codziennym funkcjonowaniu.<\/li>\n<li>DDP czynne przez ca\u0142y rok, we wszystkie dni robocze, co najmniej 8 h dziennie, w godzinach dostosowanych do potrzeb UP i ich rodzin (w kosztorysie uwzgl\u0119dniono koszty sta\u0142e).<\/li>\n<li>Zapewnienie 2 posi\u0142k\u00f3w, w tym 1 gor\u0105cego<\/li>\n<li>Zapewnienie us\u0142ug wspomagaj\u0105cych aktywizacj\u0119 w sferze fizycznej, intelektualnej oraz<br \/>spo\u0142ecznej.<\/li>\n<li>DDP b\u0119dzie dostosowany do potrzeb os\u00f3b korzystaj\u0105cych z us\u0142ug.<\/li>\n<\/ol>\n<p>Posiada\u0107 b\u0119dzie 2 pokoje dzienne (do terapii grupowej, wypoczynku, jadalni\u0119) , aneks kuchenny wyposa\u017cony w podstawowy sprz\u0119t i naczynia potrzebne do przygotowania i spo\u017cycia posi\u0142ku, 2 \u0142azienki, z kt\u00f3rych jedna jest dostosowana b\u0119dzie w do potrzeb OzN (likwidacja bariery w bud\u017cecie) z mo\u017cliwo\u015bci\u0105 prysznica (w ramach projektu poszerzenie \u015bwiat\u0142a przej\u015bcia i drobny remont). Pobyt w DDP oddala konieczno\u015b\u0107 umieszczenia osoby w DPS. Pozbawieni , terapii i mo\u017cliwo\u015bci rozwoju, najs\u0142abiej funkcjonuj\u0105cy skazani s\u0105 na regres. Odpowiednio przystosowane plac\u00f3wki pozwoli\u0142yby im prowadzi\u0107 aktywny tryb \u017cycia, wzmacnia\u0107 samodzielno\u015bci i aktywizowa\u0107 do aktywnego \u017cycia w spo\u0142ecze\u0144stwie. W DDP poziom \u015bwiadczonych us\u0142ug uwzgl\u0119dni w szczeg\u00f3lno\u015bci wolno\u015b\u0107, w tym wyznaniow\u0105, intymno\u015b\u0107, godno\u015b\u0107 i poczucie bezpiecze\u0144stwa.<\/p>\n<p>Zakres wsparcia zgodny z regulaminem projektu. Na potrzeby \u015bwiadczenia us\u0142ug wysokiej jako\u015bci na rzecz os\u00f3b wymagaj\u0105cych pomocy w codziennym funkcjonowaniu, zostan\u0105 zatrudnione 2 osoby<br \/>jako opiekunowie oraz zostan\u0105 zaanga\u017cowani wolontariusze na stanowisku: Aktywizacja spo\u0142eczno ruchowa, kt\u00f3re b\u0119d\u0105 wspomaga\u0107 w zakresie realizacji zaj\u0119\u0107, kt\u00f3re s\u0105 form\u0105 rehabilitacji os\u00f3b wymagaj\u0105cych pomocy w codziennym funkcjonowaniu, zw\u0142aszcza w aspekcie spo\u0142ecznym, ruchowym i manualnym dlatego zabezpieczono koszty zwi\u0105zane z materia\u0142ami zaj\u0119ciowymi. W projekcie zabezpieczono r\u00f3wnie\u017c \u015brodki na 2 wyj\u015bcia kulturalno \u2013 sportowe decyzja zostanie podj\u0119ta wsp\u00f3lnie z UP w trakcie realizacji projektu. Fundamentem dzia\u0142alno\u015bci DDP b\u0119dzie zasada r\u00f3wno\u015bci szans i niedyskryminacji, w tym dost\u0119pno\u015bci dla OzN.<\/p>\n<p><strong>Zadanie 2:<\/strong> Us\u0142ugi opieku\u0144cze \u015bwiadczone w miejscu zamieszkania<\/p>\n<p>Us\u0142ugi opieku\u0144cze w miejscu zamieszkania obejmuj\u0105 pomoc w podstawowych czynno\u015bciach dnia codziennego, niezb\u0119dnych do aktywnego funkcjonowania spo\u0142ecznego (np. wsparcie w przemieszczaniu si\u0119 m.in. do lekarza, do punkt\u00f3w us\u0142ugowych i innych miejsc publicznych oraz asysta w tych miejscach, sp\u0119dzanie czasu wolnego, w tym wsparcie podczas zaj\u0119\u0107 kulturalnych, sportowych i rekreacyjnych, zawodowego (np. wsparcie w przemieszczaniu si\u0119 do pracy, urz\u0119d\u00f3w pracy, podmiot\u00f3w aktywizuj\u0105cych zawodowo oraz asysta w tych miejscach i zaj\u0119ciach), edukacyjnego (np. wsparcie w przemieszczaniu si\u0119 do szk\u00f3\u0142 i plac\u00f3wek o\u015bwiatowych oraz na ich terenie, wsparcie podczas zaj\u0119\u0107 edukacyjnych i w procesie uczenia: gromadzenie materia\u0142\u00f3w, korzystanie z biblioteki). Jest to odpowied\u017a na potrzeby mieszka\u0144c\u00f3w GW, co zosta\u0142o potwierdzone we w\u0142asnej diagnozie WN.<\/p>\n<p>Wnioskodawca zatrudni osoby kt\u00f3re posiadaj\u0105 kwalifikacje do wykonywania jednego z zawod\u00f3w: opiekun \u015brodowiskowy, asystent osoby niepe\u0142nosprawnej, piel\u0119gniarz, opiekun osoby starszej, opiekun medyczny, opiekun kwalifikowany w domu pomocy spo\u0142ecznej lub maj\u0105 do\u015bwiadczenie w realizacji us\u0142ug opieku\u0144czych, w tym zawodowe, wolontariackie lub osobiste wynikaj\u0105ce z pe\u0142nienia roli opiekuna faktycznego i odby\u0142a minimum 80-godzinne szkolenie z zakresu realizowanej us\u0142ugi, w tym udzielania pierwszej pomocy lub pomocy przedmedycznej. Opiekun musi posiada\u0107 predyspozycje osobowo\u015bciowe oraz kompetencje spo\u0142eczne: - podstawowych: empatia, zr\u00f3wnowa\u017cenie emocjonalne, solidno\u015b\u0107, zaradno\u015b\u0107, cierpliwo\u015b\u0107, dyskrecja, odporno\u015b\u0107 na stres, kultura osobista, motywacja do pracy; - po\u017c\u0105danych: umiej\u0119tno\u015b\u0107 s\u0142uchania, umiej\u0119tno\u015b\u0107 nawi\u0105zywania kontaktu z innymi, umiej\u0119tno\u015b\u0107 zachowa\u0144 asertywnych w tym respektowa\u0107 prawo do poszanowania i ochrony godno\u015bci, intymno\u015bci, w szczeg\u00f3lno\u015bci w przypadku czynno\u015bci o charakterze opieki higienicznej i piel\u0119gnacji oraz poczucia bezpiecze\u0144stwa i ochrony d\u00f3br osobistych, co zapewni odbiorcom wsparcia mo\u017cliwo\u015b\u0107 niezale\u017cnego \u017cycia i w\u0142\u0105czenia spo\u0142ecznego.; \u015awiadczenie us\u0142ug spo\u0142ecznych \u015bwiadczonych w miejscu zamieszkania podlega indywidualnemu dokumentowaniu w postaci papierowej - zawieraj\u0105cy ewidencj\u0119 wykonania czynno\u015bci us\u0142ug, prowadzony na bie\u017c\u0105co , obejmuj\u0105cy dat\u0119, rodzaj wykonywanej czynno\u015bci, ewentualne<br \/>spostrze\u017cenia i uwagi oraz podpis osoby dokonuj\u0105cej wpisu w projekcie prowadzone b\u0119d\u0105 karty us\u0142ug, kt\u00f3re po\u015bwiadcza\u0107 b\u0119d\u0105 prowadzone wsparcie. Us\u0142uga b\u0119dzie prowadzona przez 7 dni w tygodniu, po ustaleniu z odbiorcami godzin oraz zleconego wymiaru i zakresu us\u0142ug.<\/p>\n<p>Wnioskodawca us\u0142ug\u0119 \u015bwiadczon\u0105 w miejscu zamieszkania dla 30 UP dla os\u00f3b potrzebuj\u0105cych wsparcia w codziennym funkcjonowaniu, a nie mog\u0105 skorzysta\u0107 ze stacjonarnej formy wsparcia. B\u0119dzie r\u00f3wnie\u017c zachowana zasada r\u00f3wno\u015bci szans i niedyskryminacji, w tym dost\u0119pno\u015bci dla os\u00f3b z niepe\u0142nosprawno\u015bciami.<\/p>\n<p>Warto\u015b\u0107 ca\u0142kowita projektu: 897 400,00 PLN <br \/>Dofinansowanie w kwocie: 852 530,00 PLN<\/p>\n<p><img loading=\"lazy\" decoding=\"async\" class=\"size-medium wp-image-157 aligncenter\" src=\"http:\/\/zopgorzow.pl\/wp-content\/uploads\/2024\/07\/Plakat-300x205.jpg\" alt=\"\" width=\"300\" height=\"205\" srcset=\"http:\/\/zopgorzow.pl\/wp-content\/uploads\/2024\/07\/Plakat-300x205.jpg 300w, http:\/\/zopgorzow.pl\/wp-content\/uploads\/2024\/07\/Plakat-1024x700.jpg 1024w, http:\/\/zopgorzow.pl\/wp-content\/uploads\/2024\/07\/Plakat-768x525.jpg 768w, http:\/\/zopgorzow.pl\/wp-content\/uploads\/2024\/07\/Plakat-1536x1050.jpg 1536w, http:\/\/zopgorzow.pl\/wp-content\/uploads\/2024\/07\/Plakat-2048x1400.jpg 2048w, http:\/\/zopgorzow.pl\/wp-content\/uploads\/2024\/07\/Plakat-960x656.jpg 960w\" sizes=\"(max-width: 300px) 100vw, 300px\" \/><\/p>\n<p>SZCZEG\u00d3\u0141OWY HARMONOGRAM UDZIELANIA WSPARCIA \/ DZIA\u0141A\u0143 W PROJEKCIE Czerwiec 2024 - <a href=\"http:\/\/zopgorzow.pl\/wp-content\/uploads\/2024\/09\/harmonogram-wsparcia-czerwiec.pdf\">Pobierz<\/a><\/p>\n<p>SZCZEG\u00d3\u0141OWY HARMONOGRAM UDZIELANIA WSPARCIA \/ DZIA\u0141A\u0143 W PROJEKCIE Lipiec 2024 - <a href=\"http:\/\/zopgorzow.pl\/wp-content\/uploads\/2024\/09\/harmonogram-wsparcia-lipiec.pdf\">Pobierz<\/a><\/p>\n<p>SZCZEG\u00d3\u0141OWY HARMONOGRAM UDZIELANIA WSPARCIA \/ DZIA\u0141A\u0143 W PROJEKCIE Sierpie\u0144 2024 - <a href=\"http:\/\/zopgorzow.pl\/wp-content\/uploads\/2024\/09\/harmonogram-wsparcia-sierpien.pdf\">Pobierz<\/a><\/p>\n<p>SZCZEG\u00d3\u0141OWY HARMONOGRAM UDZIELANIA WSPARCIA \/ DZIA\u0141A\u0143 W PROJEKCIE Wrzesie\u0144 2024 - <a href=\"http:\/\/zopgorzow.pl\/wp-content\/uploads\/2024\/09\/harmonogram-wsparcia-wrzesien.pdf\">Pobierz<\/a><\/p>\n<p>SZCZEG\u00d3\u0141OWY HARMONOGRAM UDZIELANIA WSPARCIA \/ DZIA\u0141A\u0143 W PROJEKCIE Pa\u017adziernik 2024 - <a href=\"http:\/\/zopgorzow.pl\/wp-content\/uploads\/2024\/09\/harmonogram-wsparcia-pazdziernik.pdf\">Pobierz<\/a><\/p>\n<p>SZCZEG\u00d3\u0141OWY HARMONOGRAM UDZIELANIA WSPARCIA \/ DZIA\u0141A\u0143 W PROJEKCIE Listopad 2024 - <a href=\"http:\/\/zopgorzow.pl\/wp-content\/uploads\/2024\/10\/harmonogram-wsparcia-listopad.pdf\">Pobierz<\/a><\/p>\n<p>SZCZEG\u00d3\u0141OWY HARMONOGRAM UDZIELANIA WSPARCIA \/ DZIA\u0141A\u0143 W PROJEKCIE Grudzie\u0144 2024 - <a href=\"http:\/\/zopgorzow.pl\/wp-content\/uploads\/2024\/10\/harmonogram-wsparcia-grudzien-2024.pdf\">Pobierz<\/a><\/p>\n<p>SZCZEG\u00d3\u0141OWY HARMONOGRAM UDZIELANIA WSPARCIA \/ DZIA\u0141A\u0143 W PROJEKCIE Stycze\u0144 2025 - <a href=\"http:\/\/zopgorzow.pl\/wp-content\/uploads\/2025\/01\/harmonogram-wsparcia-STYCZEN-2025.pdf\">Pobierz<\/a><\/p>\n<p>SZCZEG\u00d3\u0141OWY HARMONOGRAM UDZIELANIA WSPARCIA \/ DZIA\u0141A\u0143 W PROJEKCIE Luty 2025 - <a href=\"http:\/\/zopgorzow.pl\/wp-content\/uploads\/2025\/01\/harmonogram-wsparcia-LUTY-2025.pdf\">Pobierz<\/a><\/p>\n<p>SZCZEG\u00d3\u0141OWY HARMONOGRAM UDZIELANIA WSPARCIA \/ DZIA\u0141A\u0143 W PROJEKCIE Marzec 2025 - <a href=\"http:\/\/zopgorzow.pl\/wp-content\/uploads\/2025\/03\/harmonogram-wsparcia-MARZEC-2025.pdf\">Pobierz<\/a><\/p>\n<p>SZCZEG\u00d3\u0141OWY HARMONOGRAM UDZIELANIA WSPARCIA \/ DZIA\u0141A\u0143 W PROJEKCIE Kwiecie\u0144 2025 - <a href=\"http:\/\/zopgorzow.pl\/wp-content\/uploads\/2025\/03\/harmonogram-wsparcia-KWIECIEN-2025.pdf\">Pobierz<\/a><\/p>\n<p>SZCZEG\u00d3\u0141OWY HARMONOGRAM UDZIELANIA WSPARCIA \/ DZIA\u0141A\u0143 W PROJEKCIE Maj 2025 - <a href=\"http:\/\/zopgorzow.pl\/wp-content\/uploads\/2025\/05\/harmonogram-wsparcia-MAJ-2025.pdf\">Pobierz<\/a><\/p>\n<p>SZCZEG\u00d3\u0141OWY HARMONOGRAM UDZIELANIA WSPARCIA \/ DZIA\u0141A\u0143 W PROJEKCIE Czerwiec 2025 - <a href=\"http:\/\/zopgorzow.pl\/wp-content\/uploads\/2025\/05\/harmonogram-wsparcia-CZERWIEC-2025.pdf\">Pobierz<\/a><\/p>\n<p>SZCZEG\u00d3\u0141OWY HARMONOGRAM UDZIELANIA WSPARCIA \/ DZIA\u0141A\u0143 W PROJEKCIE Lipiec 2025 - <a href=\"http:\/\/zopgorzow.pl\/wp-content\/uploads\/2025\/06\/harmonogram-wsparcia-LIPIEC-2025.pdf\">Pobierz<\/a><\/p>\n<p>SZCZEG\u00d3\u0141OWY HARMONOGRAM UDZIELANIA WSPARCIA \/ DZIA\u0141A\u0143 W PROJEKCIE Sierpie\u0144 2025 - <a href=\"http:\/\/zopgorzow.pl\/wp-content\/uploads\/2025\/06\/harmonogram-wsparcia-SIERPIEN-2025.pdf\">Pobierz<\/a><\/p>\n<p>SZCZEG\u00d3\u0141OWY HARMONOGRAM UDZIELANIA WSPARCIA \/ DZIA\u0141A\u0143 W PROJEKCIE Wrzesie\u0144 2025 - <a href=\"http:\/\/zopgorzow.pl\/wp-content\/uploads\/2025\/09\/harmonogram-wsparcia-WRZESIEN-2025.pdf\">Pobierz<\/a><\/p>\n<p>SZCZEG\u00d3\u0141OWY HARMONOGRAM UDZIELANIA WSPARCIA \/ DZIA\u0141A\u0143 W PROJEKCIE Pa\u017adziernik 2025 - <a href=\"http:\/\/zopgorzow.pl\/wp-content\/uploads\/2025\/09\/harmonogram-wsparcia-PAZDZIERNIK-2025.pdf\">Pobierz<\/a><\/p>\n<p><strong><em>3. \u201eStandaryzacja us\u0142ug opieku\u0144czych i asystenckich z utworzeniem Centrum Us\u0142ug \u015arodowiskowych na terenie powiatu gorzowskiego\u201d<\/em><\/strong><\/p>\n<p>Wsp\u00f3\u0142finansowany z Funduszy Unii Europejskiej - Europejskiego Funduszu Spo\u0142ecznego w ramach Regionalnego Programu Operacyjnego Lubuskie 2020, O\u015b Priorytetowa 7. R\u00f3wnowaga Spo\u0142eczna 7.5. Us\u0142ugi Spo\u0142eczne.<\/p>\n<p>Celem g\u0142\u00f3wnym projektu jest rozw\u00f3j us\u0142ug opieku\u0144czych i asystenckich skierowany do os\u00f3b z r\u00f3\u017cnych wzgl\u0119d\u00f3w zagro\u017conych wykluczeniem spo\u0142ecznym, w szczeg\u00f3lno\u015bci os\u00f3b z niepe\u0142nosprawno\u015bciami i os\u00f3b niesamodzielnych \u2013\u0142\u0105cznie 330 os\u00f3b z terenu woj. lubuskiego. Brak lub ograniczony dost\u0119p do us\u0142ug opieku\u0144czych i asystenckich dla os\u00f3b niesamodzielnych i z niepe\u0142nosprawno\u015bciami uniemo\u017cliwia samodzielne funkcjonowanie w \u015brodowisku domowym bez obci\u0105\u017cenia us\u0142ugami instytucjonalnymi.<\/p>\n<p>W zwi\u0105zku z tym w ramach projektu realizowane b\u0119d\u0105 zadania:<\/p>\n<ul>\n<li>us\u0142ugi opieku\u0144cze w Dziennych Domach Pobytu na rzecz os\u00f3b niesamodzielnych;<\/li>\n<li>us\u0142ugi asystenckie dla os\u00f3b z niepe\u0142nosprawno\u015bciami;<\/li>\n<li>utworzenie i funkcjonowanie Klubu Seniora dla starszych b\u0119d\u0105cych osobami niesamodzielnymi;<\/li>\n<li>Centrum Us\u0142ug \u015arodowiskowych z mobilnymi us\u0142ugami opieku\u0144czymi wspieraj\u0105cymi opiekun\u00f3w faktycznych os\u00f3b niepe\u0142nosprawnych.<\/li>\n<\/ul>\n<p>Poprzez finansowanie dzia\u0142a\u0144 wspiera si\u0119 w\/w osoby w samodzielnym funkcjonowaniu, zwi\u0119kszaj\u0105c przy tym ich mobilno\u015b\u0107, autonomi\u0119, bezpiecze\u0144stwo poprzez, np. likwidowanie barier architektonicznych w miejscu zamieszkania, sfinansowania wypo\u017cyczalni sprz\u0119tu wspomagaj\u0105cego (zwi\u0119kszaj\u0105cego samodzielno\u015b\u0107 os\u00f3b) i sprz\u0119tu piel\u0119gnacyjnego (niezb\u0119dnego do opieki nad osobami niesamodzielnymi). Dlatego te\u017c w ramach projektu zostanie zatrudniony fizjoterapeuta, kt\u00f3rego celem b\u0119dzie poprawa kondycji fizycznej w\u015br\u00f3d os\u00f3b niesamodzielnych i z niepe\u0142nosprawno\u015bciami, kt\u00f3ra przyczyni si\u0119 do wzrostu usprawnie\u0144 fizycznych u\u0142atwiaj\u0105cych funkcjonowanie w \u015brodowisku lokalnym, bez konieczno\u015bci poddania si\u0119 opiece instytucjonalnej. Zostanie tak\u017ce zatrudniony psycholog\/terapeuta, kt\u00f3ry przez poradnictwo i wsparcie psychologiczne pomo\u017ce rozwi\u0105zywa\u0107 problemy \u017cycia codziennego os\u00f3b niesamodzielnych i z niepe\u0142nosprawno\u015bciami. Ponadto b\u0119d\u0105 odbywa\u0107 si\u0119 porady prawne prowadzone przez wykwalifikowanych prawnik\u00f3w, kt\u00f3rzy pomog\u0105 w rozwi\u0105zywaniu problem\u00f3w prawnych.<\/p>\n<p>Realizacja projektu przyczyni si\u0119 do wyr\u00f3wnywania szans mi\u0119dzy kobietami i m\u0119\u017cczyznami oraz zachowania dost\u0119pno\u015bci dla os\u00f3b z \u00a0niepe\u0142nosprawno\u015bciami poprzez redukcj\u0119 barier oraz m.in. wsparcie psychologiczne i prawne.<\/p>\n<p>Ponadto we wsp\u00f3\u0142pracy ze zrzeszonymi podmiotami uda\u0142o nam si\u0119 przeprowadzi\u0107 wiele projekt\u00f3w zorientowanych na us\u0142ugi spo\u0142eczne.<\/p>\n<p>Do najwa\u017cniejszych naszych dzia\u0142a\u0144 nale\u017cy zaliczy\u0107:<\/p>\n<p>1. Utworzenie Dom\u00f3w Dziennego Pobytu w Gorzowie Wlkp. i Deszcznie,<br \/>2. Otwarcie Centrum Fizjoterapii w Gorzowie Wlkp.,<br \/>3. Prowadzenie Centr\u00f3w Integracji Spo\u0142ecznej,<br \/>4. Tworzenie i wspieranie Sp\u00f3\u0142dzielni Socjalnych,<br \/>5. Wsp\u00f3\u0142praca przy O\u015brodku Wsparcia Ekonomii Spo\u0142ecznej,<\/p>\n<p>Cz\u0142onkowie zwi\u0105zku zrealizowali liczne projekty w lubuskim dotycz\u0105ce os\u00f3b zagro\u017conych wykluczeniem spo\u0142ecznym.<\/p>\n<p><img loading=\"lazy\" decoding=\"async\" class=\"alignnone wp-image-61\" src=\"http:\/\/zopgorzow.pl\/wp-content\/uploads\/2019\/08\/tablica-ddp_ver13_2-300x32.jpg\" alt=\"\" width=\"609\" height=\"65\" srcset=\"http:\/\/zopgorzow.pl\/wp-content\/uploads\/2019\/08\/tablica-ddp_ver13_2-300x32.jpg 300w, http:\/\/zopgorzow.pl\/wp-content\/uploads\/2019\/08\/tablica-ddp_ver13_2-768x82.jpg 768w, http:\/\/zopgorzow.pl\/wp-content\/uploads\/2019\/08\/tablica-ddp_ver13_2-1024x110.jpg 1024w, http:\/\/zopgorzow.pl\/wp-content\/uploads\/2019\/08\/tablica-ddp_ver13_2-960x103.jpg 960w, http:\/\/zopgorzow.pl\/wp-content\/uploads\/2019\/08\/tablica-ddp_ver13_2.jpg 1636w\" sizes=\"(max-width: 609px) 100vw, 609px\" \/><\/p>\n<p><strong>4. <em>\u201eOd sprawno\u015bci do aktywno\u015bci\"<\/em><\/strong><\/p>\n<p>Wsp\u00f3\u0142finansowany z Funduszy Unii Europejskiej - Europejskiego Funduszu Spo\u0142ecznego w ramach Regionalnego Programu Operacyjnego Lubuskie 2020 Dzia\u0142anie 6.7. Profilaktyka i rehabilitacja zdrowotna os\u00f3b pracuj\u0105cych i powracaj\u0105cych do pracy oraz wspieranie zdrowych i bezpiecznych miejsc pracy.<\/p>\n<p>Celem g\u0142o\u0301wnym projektu jest obje\u0328cie wsparciem grupy 800 oso\u0301b (500k) w okresie wrzesien\u0301 2019 \u2013 grudzien\u0301 2020, mieszkan\u0301co\u0301w woj. Lubuskiego w wieku aktywnos\u0301ci zawodowej, poprzez wdroz\u0307enie programu zdrowotnego ukierunkowanego na rehabilitacje\u0328 medyczna\u0328 umoz\u0307liwiaja\u0328ca\u0328 powro\u0301t do pracy, lub oso\u0301b naraz\u0307onych na opuszczenie rynku pracy z powodu czynniko\u0301w zdrowotnych u kto\u0301rych wyste\u0328puja\u0328 schorzenia uk\u0142adu ruchu i obwodowego uk\u0142adu nerwowego, zwia\u0328zanego ze sposobem wykonywania pracy, poprzez wdroz\u0307enie programu w zakresie rehabilitacyjnej, skondensowanej poprzez szybkie w\u0142a\u0328czenie uczestnika do kompleksowej rehabilitacji max oczekiwania 4 tygodnie.<\/p>\n<p>Cele szczego\u0301\u0142owe:<\/p>\n<p>1. Poprawa stanu funkcjonalnego (sprawnos\u0301ci) i zmniejszenie dolegliwos\u0301ci bo\u0301lowych zwia\u0328zanych ze schorzeniami uk\u0142adu ruchu lub obwodowego uk\u0142adu nerwowego u uczestniko\u0301w programu 800 os. (500K);<br \/>2. Zwie\u0328kszenie liczby oso\u0301b kto\u0301re po opuszczeniu programu podje\u0328\u0142y prace\u0328 lub kontynuowa\u0142y zatrudnienie 400 os. (260K)<br \/>3.Zwie\u0328kszenie wiedzy i motywacji uczestniko\u0301w w zakresie aktywnego zapobiegania patologiom uk\u0142adu ruchu i obwodowego uk\u0142adu nerwowego zwia\u0328zanym przyczynowo ze s\u0301rodowiskiem pracy 800 os. (500K);<br \/>4.Zwie\u0328kszenie prozdrowotnej rekreacyjnej aktywnos\u0301ci fizycznej u uczestniko\u0301w Programu 800 os. (500K); Realizacja projektu przyczyni sie\u0328 do osia\u0328gnie\u0328cia celu szczego\u0301\u0142owego uje\u0328tego w SZOP RPO 2020 dla Dzia\u0142ania 6.7 Profilaktyka i rehabilitacja zdrowotna oso\u0301b pracuja\u0328cych i powracaja\u0328cych do pracy oraz wspieranie zdrowych i bezpiecznych miejsc pracy, zgodnie z \u201eProgram polityki zdrowotnej dla woj. lubuskiego skierowany do oso\u0301b pracuja\u0328cych i powracaja\u0328cych do pracy w zakresie rehabilitacji medycznej schorzen\u0301 uk\u0142adu ruchu i obwodowego uk\u0142adu nerwowego zwia\u0328zanych ze sposobem wykonywania pracy.<\/p>\n<p><img loading=\"lazy\" decoding=\"async\" class=\"alignnone wp-image-61\" src=\"http:\/\/zopgorzow.pl\/wp-content\/uploads\/2019\/08\/tablica-ddp_ver13_2-300x32.jpg\" alt=\"\" width=\"619\" height=\"66\" srcset=\"http:\/\/zopgorzow.pl\/wp-content\/uploads\/2019\/08\/tablica-ddp_ver13_2-300x32.jpg 300w, http:\/\/zopgorzow.pl\/wp-content\/uploads\/2019\/08\/tablica-ddp_ver13_2-768x82.jpg 768w, http:\/\/zopgorzow.pl\/wp-content\/uploads\/2019\/08\/tablica-ddp_ver13_2-1024x110.jpg 1024w, http:\/\/zopgorzow.pl\/wp-content\/uploads\/2019\/08\/tablica-ddp_ver13_2-960x103.jpg 960w, http:\/\/zopgorzow.pl\/wp-content\/uploads\/2019\/08\/tablica-ddp_ver13_2.jpg 1636w\" sizes=\"(max-width: 619px) 100vw, 619px\" \/><\/p>\n<p><em><strong>5. \u201eLUBUSKIE M\u0141ODZIE\u017b\u0104 SILNE!\"<\/strong> <\/em><\/p>\n<p>Celem g\u0142\u00f3wnym projektu pt.\u00a0\u201eLUBUSKIE M\u0141ODZIE\u017b\u0104 SILNE!\u201d.\u00a0O\u015b Priorytetowa 1. Osoby\u00a0m\u0142ode\u00a0na\u00a0rynku\u00a0pracy\u00a0\u00a0Dzia\u0142anie 1.4. M\u0142odzie\u017c solidarna\u00a0w\u00a0dzia\u0142aniu, wsp\u00f3\u0142finansowanego przez Uni\u0119 Europejsk\u0105 w ramach Programu Operacyjnego Wiedza Edukacja\u00a0\u00a0Rozw\u00f3j jest zwi\u0119kszenie szans na rynku pracy 348 os\u00f3b (185k) w wieku 15-29 lat z woj. lubuskiego poprzez rozw\u00f3j ich umiej\u0119tno\u015bci i kompetencji spo\u0142ecznych w czasie realizacji projektu.<\/p>\n<p>Projekt skierowany do m\u0142odzie\u017cy w wieku 15-29 lat z wojew\u00f3dztwa lubuskiego , kt\u00f3ra do tej pory nie wyra\u017ca\u0142a woli aktywno\u015bci spo\u0142ecznej. W ramach projektu zostan\u0105 utworzone dwa Lubuskie O\u015brodki Wsparcia Wolontariatu.<\/p>\n<p>Poprzez dzia\u0142ania LOWW m\u0142odzie\u017c b\u0119dzie nabywa\u0142a kompetencje i umiej\u0119tno\u015bci spo\u0142eczne oraz b\u0119dzie zaanga\u017cowana do podejmowania dzia\u0142a\u0144 na rzecz spo\u0142eczno\u015bci lokalnej.<\/p>\n<p>W ramach bon\u00f3w aktywizacyjnych rozwijane b\u0119d\u0105 r\u00f3wnie\u017c kompetencje kluczowe potrzebne w pracy zawodowej.<\/p>\n<p><strong>Dofinansowanie projektu z UE:<\/strong> 1 593\u00a0983,92 z\u0142<br \/><strong>Warto\u015b\u0107 ca\u0142kowita projektu:<\/strong>\u00a01 643 282,40 z\u0142<\/p>\n<p>SZCZEG\u00d3\u0141OWY HARMONOGRAM UDZIELANIA WSPARCIA \/ DZIA\u0141A\u0143 W PROJEKCIE Pa\u017adziernik 2020 - <a href=\"http:\/\/zopgorzow.pl\/wp-content\/uploads\/2020\/10\/Harmonogram-pa\u017adziernik-Aktualne-zestawienie.pdf\">Pobierz<\/a><\/p>\n<p>SZCZEG\u00d3\u0141OWY HARMONOGRAM UDZIELANIA WSPARCIA \/ DZIA\u0141A\u0143 W PROJEKCIE Listopad 2020 - <a href=\"http:\/\/zopgorzow.pl\/wp-content\/uploads\/2021\/01\/harmonogram-wsparcia-2020-listopad.pdf\">Pobierz<\/a><\/p>\n<p>SZCZEG\u00d3\u0141OWY HARMONOGRAM UDZIELANIA WSPARCIA \/ DZIA\u0141A\u0143 W PROJEKCIE Grudzie\u0144 2020 - <a href=\"http:\/\/zopgorzow.pl\/wp-content\/uploads\/2021\/01\/harmonogram-wsparcia-2020-grudzie\u0144.pdf\">Pobierz<\/a><\/p>\n<p><a href=\"http:\/\/zopgorzow.pl\/wp-content\/uploads\/2021\/02\/FE_POWER_barwy_RP_Europejski_Fundusz_Spoleczny_plakat_A3_pion_edit-2.pdf\">Informacja na temat dofinansowania projektu.<\/a><\/p>\n<p><img loading=\"lazy\" decoding=\"async\" class=\"alignnone wp-image-90\" src=\"http:\/\/zopgorzow.pl\/wp-content\/uploads\/2020\/08\/FE_poziom_pl-1_rgb-300x41.jpg\" alt=\"\" width=\"607\" height=\"83\" srcset=\"http:\/\/zopgorzow.pl\/wp-content\/uploads\/2020\/08\/FE_poziom_pl-1_rgb-300x41.jpg 300w, http:\/\/zopgorzow.pl\/wp-content\/uploads\/2020\/08\/FE_poziom_pl-1_rgb-768x105.jpg 768w, http:\/\/zopgorzow.pl\/wp-content\/uploads\/2020\/08\/FE_poziom_pl-1_rgb-1024x140.jpg 1024w, http:\/\/zopgorzow.pl\/wp-content\/uploads\/2020\/08\/FE_poziom_pl-1_rgb-960x131.jpg 960w\" sizes=\"(max-width: 607px) 100vw, 607px\" \/><\/p>\n<p><strong>6. <\/strong><em><strong>\u201ePodniesienie kompetencji 200 os\u00f3b odpowiedzialnych za rozw\u00f3j form opieki nad dzie\u0107mi do lat 3 w woj.lubuskim.\"<\/strong><\/em><\/p>\n<p>Celem g\u0142\u00f3wnym projektu jest wzrost kompetencji poprzez szkolenia w zakresie form opieki nad dzie\u0107mi w wieku do lat 3 skierowane do 200 os (160K) z<br \/>terenu woj. lubuskiego, przedstawicieli w\u0142adz samorz\u0105dowych (gminnego, powiatowego, wojew\u00f3dzkiego) i pracownik\u00f3w jednostek organizacyjnych<br \/>odpowiedzialnych za rozw\u00f3j form opieki nad dzie\u0107mi w wieku do lat 3 z dowolnej jednostki samorz\u0105du terytorialnego w obr\u0119bie wybranego wojew\u00f3dztwa oraz<br \/>do podmiot\u00f3w niegminnych planuj\u0105cych utworzy\u0107 i prowadzi\u0107 instytucje opieki nad dzie\u0107mi w wieku do lat 3 z gminy w obr\u0119bie wojew\u00f3dztwa.<\/p>\n<p>Cel ten jest sp\u00f3jny z celem szczeg\u00f3\u0142owym poniewa\u017c przyczynia si\u0119 do realizacji cel\u00f3w PO WER, w szczeg\u00f3lno\u015bci wpisuje si\u0119 w realizacj\u0119 celu nr 4 Osi II<br \/>Efektywne polityki publiczne dla rynku pracy, gospodarki i edukacji, jakim jest: Podniesienie kompetencji przedstawicieli podmiot\u00f3w tworz\u0105cych i<br \/>prowadz\u0105cych instytucje opieki nad dzie\u0107mi w wieku do lat 3 u 200 os. (160K) z terytorium wojew\u00f3dztwa lubuskiego.<\/p>\n<p><strong>Warto\u015b\u0107 ca\u0142kowita projektu:<\/strong> 256 975,00 z\u0142<br \/><strong>Dofinansowanie:<\/strong> 248 875,00 z\u0142<br \/><strong>Wk\u0142ad EU: <\/strong>216 578,53 z\u0142<\/p>\n<p><a href=\"http:\/\/www.lepszejutrodzieciom.pl\" target=\"_blank\" rel=\"noopener noreferrer\" data-saferedirecturl=\"https:\/\/www.google.com\/url?q=http:\/\/www.lepszejutrodzieciom.pl&amp;source=gmail&amp;ust=1601493408553000&amp;usg=AFQjCNGmZP7BWyQPlS2HhX_sgiOz6es97Q\">www.lepszejutrodzieciom.pl<\/a><\/p>\n<p class=\"elementor-heading-title elementor-size-default\">Kompendium wiedzy na temat form opieki nad dzie\u0107mi do lat 3 - <a href=\"http:\/\/zopgorzow.pl\/wp-content\/uploads\/2020\/09\/ksiazka.pdf\">do pobrania<\/a>.<\/p>\n<p><img loading=\"lazy\" decoding=\"async\" class=\"alignnone wp-image-61\" src=\"http:\/\/zopgorzow.pl\/wp-content\/uploads\/2019\/08\/tablica-ddp_ver13_2-300x32.jpg\" alt=\"\" width=\"619\" height=\"66\" srcset=\"http:\/\/zopgorzow.pl\/wp-content\/uploads\/2019\/08\/tablica-ddp_ver13_2-300x32.jpg 300w, http:\/\/zopgorzow.pl\/wp-content\/uploads\/2019\/08\/tablica-ddp_ver13_2-768x82.jpg 768w, http:\/\/zopgorzow.pl\/wp-content\/uploads\/2019\/08\/tablica-ddp_ver13_2-1024x110.jpg 1024w, http:\/\/zopgorzow.pl\/wp-content\/uploads\/2019\/08\/tablica-ddp_ver13_2-960x103.jpg 960w, http:\/\/zopgorzow.pl\/wp-content\/uploads\/2019\/08\/tablica-ddp_ver13_2.jpg 1636w\" sizes=\"(max-width: 619px) 100vw, 619px\" \/><\/p>\n<p><strong>7. <em>\u201e<\/em>AKTYWNIE PRZEZ CA\u0141E \u017bYCIE\"<\/strong><\/p>\n<p>Projekt pt.: \"Aktywnie przez ca\u0142e \u017cycie\" realizowany od 01.10.2020r. do 31.03.2022 jest form\u0105 na przeciwdzia\u0142anie ub\u00f3stwu i wykluczeniu spo\u0142eczno-zawodowemu. Narastaj\u0105cy problem us\u0142ug opieki nad dzie\u0107mi\/wnukami oraz osobami z niesamodzielno\u015bciami przyczynia si\u0119 do utrzymuj\u0105cego wykluczenia spo\u0142ecznego w grupie mieszka\u0144c\u00f3w wojew\u00f3dztwa Lubuskiego os\u00f3b powy\u017cej 50 roku \u017cycia, kt\u00f3re zosta\u0142y wykluczone z rynku pracy bardzo cz\u0119sto z uwagi na pe\u0142nieniu opieki nad swoimi wnukami lub kim\u015b bliskim z otoczenia, a chcia\u0142yby si\u0119 aktywizowa\u0107.<\/p>\n<p>Projekt zak\u0142ada wzorcow\u0105 \u015bcie\u017ck\u0119 tj. aktywizacj\u0119 spo\u0142eczn\u0105 i zawodow\u0105 na podstawie indywidualnych diagnoz, kt\u00f3re w po\u0142\u0105czeniu ze stypendiami i nabyciem lub podwy\u017cszeniem swoich umiej\u0119tno\u015bci spo\u0142ecznych i zawodowych przyczyni\u0105 si\u0119 do odnalezienia na rynku pracy w tym w sp\u00f3\u0142dzielczo\u015bci socjalnej.<\/p>\n<p>Projekt zak\u0142ada ponadto komplementarne dzia\u0142ania dla uczestnika projektu i otoczenia, wykorzystuj\u0105c przy tym narz\u0119dzia aktywizacji spo\u0142ecznej i zawodowej dla \u0142\u0105cznie 200 uczestnik\u00f3w (w tym 150 kobiet) mieszka\u0144c\u00f3w wojew\u00f3dztwa Lubuskiego, kt\u00f3rzy poprzez udzia\u0142 w projekcie podwy\u017csz\u0105 swoje kompetencje i\/lub kwalifikacje.<\/p>\n<p>Plakat projektu - <a href=\"http:\/\/zopgorzow.pl\/wp-content\/uploads\/2020\/11\/aktywni.png\">do pobrania.<\/a><\/p>\n<p><img loading=\"lazy\" decoding=\"async\" class=\"alignnone wp-image-61\" src=\"http:\/\/zopgorzow.pl\/wp-content\/uploads\/2019\/08\/tablica-ddp_ver13_2-300x32.jpg\" alt=\"\" width=\"628\" height=\"67\" srcset=\"http:\/\/zopgorzow.pl\/wp-content\/uploads\/2019\/08\/tablica-ddp_ver13_2-300x32.jpg 300w, http:\/\/zopgorzow.pl\/wp-content\/uploads\/2019\/08\/tablica-ddp_ver13_2-768x82.jpg 768w, http:\/\/zopgorzow.pl\/wp-content\/uploads\/2019\/08\/tablica-ddp_ver13_2-1024x110.jpg 1024w, http:\/\/zopgorzow.pl\/wp-content\/uploads\/2019\/08\/tablica-ddp_ver13_2-960x103.jpg 960w, http:\/\/zopgorzow.pl\/wp-content\/uploads\/2019\/08\/tablica-ddp_ver13_2.jpg 1636w\" sizes=\"(max-width: 628px) 100vw, 628px\" \/><\/p>\n<p><strong>8. <em>\u201e<\/em>REHABILITACJA+\"<\/strong><\/p>\n<p>Zwi\u0105zek Organizacji Pomocowych w okresie od 1 stycznia do 31 grudnia 2021 realizuje Model pt. \u201eRehabilitacja+\u201d, dofinansowany z Funduszu Rozwoju Regionalnego, Europejskiego Funduszu Spo\u0142ecznego oraz Funduszu Sp\u00f3jno\u015bci na lata 2014-2020.<\/p>\n<p>Projekt skierowany jest do os\u00f3b:<\/p>\n<ul>\n<li aria-level=\"1\">\u00a0\u00a0Powy\u017cej\u00a0 60 roku \u017cycia, a tak\u017ce ich rodzin zamieszka\u0142ych na terenie powiatu gorzowskiego w gminie Deszczno.<\/li>\n<li aria-level=\"1\">\u00a0\u00a0Os\u00f3b niepe\u0142nosprawnych i niesamodzielnych oraz ich rodzin, w tym opiekun\u00f3w b\u0119d\u0105cych mieszka\u0144cami gminy Deszczno.<\/li>\n<\/ul>\n<p>Model zapewnia:<\/p>\n<ul>\n<li aria-level=\"1\">Konsultacj\u0119 fizjoterapeuty celem dopasowania \u0107wicze\u0144 i us\u0142ug rehabilitacyjnych do istniej\u0105cego schorzenia oraz zabiegi rehabilitacyjne wed\u0142ug. Indywidualnego planu rehabilitacji<i> np. kinezyterapia, magnetoterapia, laseroterapia, \u015bwiat\u0142olecznictwo.<\/i><\/li>\n<li aria-level=\"1\">Zaj\u0119cia aktywno\u015bci fizycznej, dostosowane do indywidualnych potrzeb i sprawno\u015bci uczestnika.<\/li>\n<\/ul>\n<p>Plakat modelu - <a href=\"http:\/\/zopgorzow.pl\/wp-content\/uploads\/2021\/04\/ulotka-plakat.pdf\">do pobrania.<\/a><\/p>\n\n\n\n\n<p><strong>8. <em>\u201e<\/em>MI\u0118DZYPOKOLENIOWE CENTRA EDUKACYJNE <\/strong>- <strong>wsparcie integracji mi\u0119dzypokoleniowej\"<\/strong><\/p>\n\n\n\n<p>Projekt realizowany od 1.10.2022r. do 31.12.2022r. w Specjalistycznym Os\u0301rodku Szkolno Wychowawczym w Lipkach Wielkich, skierowany bezpos\u0301rednio do 70 ucznio\u0301w oraz ok. 50 os\u00f3b ze s\u0301rodowiska lokalnego z Lipek Wielkich w ramach dzia\u0142a\u0144 \u201eAktywizacja pozalekcyjna uczni\u00f3w SOSW z Lipek Wielkich\u201d realizowanego w ramach programu pn. \u201eMi\u0119dzypokoleniowe Centra Edukacyjne \u2013 wsparcie integracji mi\u0119dzypokoleniowej\u201d ustanowionego przez Ministra Edukacji i Nauki komunikatem z dnia 26 sierpnia 2022 roku. Zwi\u0105zek Organizacji Pomocowych w ramach zawartej umowy otrzyma\u0142 dotacj\u0119 celow\u0105 w wysoko\u015bci 300&nbsp;000,00 z\u0142.<\/p>\n\n\n<div class=\"wp-block-image\">\n<figure class=\"aligncenter is-resized\"><img decoding=\"async\" src=\"https:\/\/www.gov.pl\/img\/units\/mein\/05_znak_uproszczony_kolor_biale_tlo.png\" alt=\"https:\/\/www.gov.pl\/img\/units\/mein\/05_znak_uproszczony_kolor_biale_tlo.png\" style=\"width:292px;height:117px\"\/><\/figure><\/div>","protected":false},"excerpt":{"rendered":"<p>1.\u00a0 \u201eWytchnienie i Wsp\u00f3lnota \u2013 wsparcie opiekun\u00f3w os\u00f3b z niepe\u0142nosprawno\u015bciami\u201d Celem g\u0142\u00f3wnym projektu jest wsparcie rodzin oraz opiekun\u00f3w faktycznych os\u00f3b z niepe\u0142nosprawno\u015bciami poprzez zapewnienie im dost\u0119pu do us\u0142ug opieki wytchnieniowej. Dzia\u0142ania projektowe stanowi\u0105 odpowied\u017a na rosn\u0105c\u0105 potrzeb\u0119 czasowego odci\u0105\u017cenia opiekun\u00f3w od codziennych obowi\u0105zk\u00f3w zwi\u0105zanych ze sprawowaniem opieki nad osob\u0105 z niepe\u0142nosprawno\u015bci\u0105. Projekt s\u0142u\u017cy r\u00f3wnie\u017c poprawie <a href=\"http:\/\/zopgorzow.pl\/?page_id=24\" class=\"more-link\">Czytaj dalej...<span class=\"screen-reader-text\"> \"Nasze dzia\u0142ania\"<\/span><\/a><\/p>\n","protected":false},"author":1,"featured_media":0,"parent":0,"menu_order":0,"comment_status":"closed","ping_status":"closed","template":"","meta":{"footnotes":""},"_links":{"self":[{"href":"http:\/\/zopgorzow.pl\/index.php?rest_route=\/wp\/v2\/pages\/24"}],"collection":[{"href":"http:\/\/zopgorzow.pl\/index.php?rest_route=\/wp\/v2\/pages"}],"about":[{"href":"http:\/\/zopgorzow.pl\/index.php?rest_route=\/wp\/v2\/types\/page"}],"author":[{"embeddable":true,"href":"http:\/\/zopgorzow.pl\/index.php?rest_route=\/wp\/v2\/users\/1"}],"replies":[{"embeddable":true,"href":"http:\/\/zopgorzow.pl\/index.php?rest_route=%2Fwp%2Fv2%2Fcomments&post=24"}],"version-history":[{"count":54,"href":"http:\/\/zopgorzow.pl\/index.php?rest_route=\/wp\/v2\/pages\/24\/revisions"}],"predecessor-version":[{"id":214,"href":"http:\/\/zopgorzow.pl\/index.php?rest_route=\/wp\/v2\/pages\/24\/revisions\/214"}],"wp:attachment":[{"href":"http:\/\/zopgorzow.pl\/index.php?rest_route=%2Fwp%2Fv2%2Fmedia&parent=24"}],"curies":[{"name":"wp","href":"https:\/\/api.w.org\/{rel}","templated":true}]}}